{"id":1847,"date":"2024-02-15T15:56:39","date_gmt":"2024-02-15T15:56:39","guid":{"rendered":"https:\/\/tinnitus-liga.ch\/pagina-iniziale\/"},"modified":"2026-04-10T20:09:30","modified_gmt":"2026-04-10T20:09:30","slug":"pagina-iniziale","status":"publish","type":"page","link":"https:\/\/tinnitus-liga.ch\/it\/","title":{"rendered":"Pagina iniziale"},"content":{"rendered":"\t\t<div data-elementor-type=\"wp-page\" data-elementor-id=\"1847\" class=\"elementor elementor-1847 elementor-1843\" data-elementor-post-type=\"page\">\n\t\t\t\t<div class=\"elementor-element elementor-element-06a34cd e-con-full e-flex e-con e-parent\" data-id=\"06a34cd\" data-element_type=\"container\">\n\t\t\t\t<div class=\"elementor-element elementor-element-9742cdb elementor--h-position-center elementor--v-position-middle elementor-arrows-position-inside elementor-pagination-position-inside elementor-widget elementor-widget-slides\" data-id=\"9742cdb\" data-element_type=\"widget\" data-settings=\"{&quot;navigation&quot;:&quot;both&quot;,&quot;autoplay&quot;:&quot;yes&quot;,&quot;pause_on_hover&quot;:&quot;yes&quot;,&quot;pause_on_interaction&quot;:&quot;yes&quot;,&quot;autoplay_speed&quot;:5000,&quot;infinite&quot;:&quot;yes&quot;,&quot;transition&quot;:&quot;slide&quot;,&quot;transition_speed&quot;:500,&quot;ekit_we_effect_on&quot;:&quot;none&quot;}\" data-widget_type=\"slides.default\">\n\t\t\t\t<div class=\"elementor-widget-container\">\n\t\t\t\t\t\t\t\t\t<div class=\"elementor-swiper\">\n\t\t\t\t\t<div class=\"elementor-slides-wrapper elementor-main-swiper swiper\" role=\"region\" aria-roledescription=\"carousel\" aria-label=\"Slides\" dir=\"ltr\" data-animation=\"fadeInUp\">\n\t\t\t\t<div class=\"swiper-wrapper elementor-slides\">\n\t\t\t\t\t\t\t\t\t\t<div class=\"elementor-repeater-item-64030ae swiper-slide\" role=\"group\" aria-roledescription=\"slide\"><div class=\"swiper-slide-bg\" role=\"img\" aria-label=\"1537187493\"><\/div><div class=\"swiper-slide-inner\" ><div class=\"swiper-slide-contents\"><div class=\"elementor-slide-heading\">Benvenuti alla Lega svizzera degli acufeni (STL)<\/div><div class=\"elementor-slide-description\"><p>Siamo un'organizzazione no-profit di persone che vogliono aiutare chi \u00e8 affetto da acufene, sordit\u00e0 improvvisa, ipersensibilit\u00e0 al rumore e malattia di Meni\u00e8re.  <\/p>\n<\/div><\/div><\/div><\/div><div class=\"elementor-repeater-item-4c42140 swiper-slide\" role=\"group\" aria-roledescription=\"slide\"><div class=\"swiper-slide-bg\" role=\"img\" aria-label=\"1537192188\"><\/div><div class=\"swiper-slide-inner\" ><div class=\"swiper-slide-contents\"><div class=\"elementor-slide-heading\">Benvenuti alla Lega svizzera degli acufeni (STL)<\/div><div class=\"elementor-slide-description\"><p>Siamo sotto il patrocinio di \"Pro Audito Svizzera\", l'organizzazione per le persone con problemi di udito in Svizzera.<\/p>\n<\/div><\/div><\/div><\/div>\t\t\t\t<\/div>\n\t\t\t\t\t\t\t\t\t\t\t\t\t\t\t<div class=\"elementor-swiper-button elementor-swiper-button-prev\" role=\"button\" tabindex=\"0\" aria-label=\"Previous slide\">\n\t\t\t\t\t\t\t<svg aria-hidden=\"true\" class=\"e-font-icon-svg e-eicon-chevron-left\" viewBox=\"0 0 1000 1000\" xmlns=\"http:\/\/www.w3.org\/2000\/svg\"><path d=\"M646 125C629 125 613 133 604 142L308 442C296 454 292 471 292 487 292 504 296 521 308 533L604 854C617 867 629 875 646 875 663 875 679 871 692 858 704 846 713 829 713 812 713 796 708 779 692 767L438 487 692 225C700 217 708 204 708 187 708 171 704 154 692 142 675 129 663 125 646 125Z\"><\/path><\/svg>\t\t\t\t\t\t<\/div>\n\t\t\t\t\t\t<div class=\"elementor-swiper-button elementor-swiper-button-next\" role=\"button\" tabindex=\"0\" aria-label=\"Next slide\">\n\t\t\t\t\t\t\t<svg aria-hidden=\"true\" class=\"e-font-icon-svg e-eicon-chevron-right\" viewBox=\"0 0 1000 1000\" xmlns=\"http:\/\/www.w3.org\/2000\/svg\"><path d=\"M696 533C708 521 713 504 713 487 713 471 708 454 696 446L400 146C388 133 375 125 354 125 338 125 325 129 313 142 300 154 292 171 292 187 292 204 296 221 308 233L563 492 304 771C292 783 288 800 288 817 288 833 296 850 308 863 321 871 338 875 354 875 371 875 388 867 400 854L696 533Z\"><\/path><\/svg>\t\t\t\t\t\t<\/div>\n\t\t\t\t\t\t\t\t\t\t\t\t\t\t\t\t<div class=\"swiper-pagination\"><\/div>\n\t\t\t\t\t\t\t\t\t\t\t\t<\/div>\n\t\t\t\t<\/div>\n\t\t\t\t\t\t\t\t<\/div>\n\t\t\t\t<\/div>\n\t\t\t\t<\/div>\n\t\t<div class=\"elementor-element elementor-element-9407cbd e-flex e-con-boxed e-con e-parent\" data-id=\"9407cbd\" data-element_type=\"container\">\n\t\t\t\t\t<div class=\"e-con-inner\">\n\t\t\t\t<div class=\"elementor-element elementor-element-3280e1e elementor-widget elementor-widget-spacer\" data-id=\"3280e1e\" data-element_type=\"widget\" data-settings=\"{&quot;ekit_we_effect_on&quot;:&quot;none&quot;}\" data-widget_type=\"spacer.default\">\n\t\t\t\t<div class=\"elementor-widget-container\">\n\t\t\t\t\t\t\t<div class=\"elementor-spacer\">\n\t\t\t<div class=\"elementor-spacer-inner\"><\/div>\n\t\t<\/div>\n\t\t\t\t\t\t<\/div>\n\t\t\t\t<\/div>\n\t\t\t\t\t<\/div>\n\t\t\t\t<\/div>\n\t\t<div class=\"elementor-element elementor-element-de810f6 e-flex e-con-boxed e-con e-parent\" data-id=\"de810f6\" data-element_type=\"container\">\n\t\t\t\t\t<div class=\"e-con-inner\">\n\t\t\t\t<div class=\"elementor-element elementor-element-2614c30 elementor-widget elementor-widget-text-editor\" data-id=\"2614c30\" data-element_type=\"widget\" data-settings=\"{&quot;ekit_we_effect_on&quot;:&quot;none&quot;}\" data-widget_type=\"text-editor.default\">\n\t\t\t\t<div class=\"elementor-widget-container\">\n\t\t\t\t\t\t\t\t\t<h1>NOTIZIE<\/h1>\t\t\t\t\t\t\t\t<\/div>\n\t\t\t\t<\/div>\n\t\t\t\t\t<\/div>\n\t\t\t\t<\/div>\n\t\t<div class=\"elementor-element elementor-element-c85293c e-flex e-con-boxed e-con e-parent\" data-id=\"c85293c\" data-element_type=\"container\">\n\t\t\t\t\t<div class=\"e-con-inner\">\n\t\t<div class=\"elementor-element elementor-element-ec65895 e-con-full e-flex e-con e-child\" data-id=\"ec65895\" data-element_type=\"container\">\n\t\t\t\t<div class=\"elementor-element elementor-element-47a265d elementor-widget elementor-widget-text-editor\" data-id=\"47a265d\" data-element_type=\"widget\" data-settings=\"{&quot;ekit_we_effect_on&quot;:&quot;none&quot;}\" data-widget_type=\"text-editor.default\">\n\t\t\t\t<div class=\"elementor-widget-container\">\n\t\t\t\t\t\t\t\t\t<h1>26\u00b0 Simposio sugli acufeni a Berlino<\/h1><div class=\"page\" title=\"Pagina 1\"><div class=\"section\"><div class=\"layoutArea\"><div class=\"column\"><div class=\"page\" title=\"Pagina 1\"><div class=\"layoutArea\"><div class=\"column\"><div class=\"page\" title=\"Pagina 1\"><div class=\"section\"><div class=\"layoutArea\"><div class=\"column\"><div class=\"page\" title=\"Pagina 1\"><div class=\"section\"><div class=\"layoutArea\"><div class=\"column\"><p>Le ultime scoperte della ricerca e della pratica  <\/p><\/div><\/div><\/div><\/div><\/div><\/div><\/div><\/div><\/div><\/div><\/div><\/div><\/div><\/div><\/div><h2><span style=\"font-size: 28px;\"> <\/span><\/h2>\t\t\t\t\t\t\t\t<\/div>\n\t\t\t\t<\/div>\n\t\t\t\t<\/div>\n\t\t<div class=\"elementor-element elementor-element-040c124 e-con-full e-flex e-con e-child\" data-id=\"040c124\" data-element_type=\"container\">\n\t\t\t\t<div class=\"elementor-element elementor-element-d6f7c98 elementor-widget elementor-widget-image\" data-id=\"d6f7c98\" data-element_type=\"widget\" data-settings=\"{&quot;ekit_we_effect_on&quot;:&quot;none&quot;}\" data-widget_type=\"image.default\">\n\t\t\t\t<div class=\"elementor-widget-container\">\n\t\t\t\t\t\t\t\t\t\t\t\t\t\t\t<img fetchpriority=\"high\" decoding=\"async\" width=\"638\" height=\"845\" src=\"https:\/\/tinnitus-liga.ch\/wp-content\/uploads\/2025\/08\/Symposium.png\" class=\"attachment-large size-large wp-image-3278\" alt=\"\" srcset=\"https:\/\/tinnitus-liga.ch\/wp-content\/uploads\/2025\/08\/Symposium.png 638w, https:\/\/tinnitus-liga.ch\/wp-content\/uploads\/2025\/08\/Symposium-227x300.png 227w\" sizes=\"(max-width: 638px) 100vw, 638px\" \/>\t\t\t\t\t\t\t\t\t\t\t\t\t\t\t<\/div>\n\t\t\t\t<\/div>\n\t\t\t\t<\/div>\n\t\t<div class=\"elementor-element elementor-element-35fdfbc e-con-full e-flex e-con e-child\" data-id=\"35fdfbc\" data-element_type=\"container\">\n\t\t\t\t<div class=\"elementor-element elementor-element-b810aa6 elementor-widget__width-initial elementor-widget elementor-widget-text-editor\" data-id=\"b810aa6\" data-element_type=\"widget\" data-settings=\"{&quot;ekit_we_effect_on&quot;:&quot;none&quot;}\" data-widget_type=\"text-editor.default\">\n\t\t\t\t<div class=\"elementor-widget-container\">\n\t\t\t\t\t\t\t\t\t<div class=\"page\" title=\"Pagina 1\"><div class=\"section\"><div class=\"layoutArea\"><div class=\"column\"><div class=\"page\" title=\"Pagina 1\"><div class=\"layoutArea\"><div class=\"column\"><p>Gli acufeni e i disturbi dell&#8217;udito sono argomenti che stanno diventando sempre pi\u00f9 importanti nella pratica quotidiana. Per offrirti una panoramica sull&#8217;intero spettro della clinica, della diagnosi e della terapia degli acufeni e dei disturbi dell&#8217;udito, organizziamo simposi su questo tema a intervalli regolari&#8230; <\/p><\/div><\/div><\/div><\/div><\/div><\/div><\/div><p><a href=\"https:\/\/tinnituszentrum.charite.de\/ueber_das_tinnituszentrum\/veranstaltungen\/\">Clicca qui per il programma e la registrazione<\/a><\/p><p> <\/p>\t\t\t\t\t\t\t\t<\/div>\n\t\t\t\t<\/div>\n\t\t\t\t<\/div>\n\t\t\t\t\t<\/div>\n\t\t\t\t<\/div>\n\t\t<div class=\"elementor-element elementor-element-9eca2b4 e-flex e-con-boxed e-con e-parent\" data-id=\"9eca2b4\" data-element_type=\"container\">\n\t\t\t\t\t<div class=\"e-con-inner\">\n\t\t<div class=\"elementor-element elementor-element-72eac50 e-con-full e-flex e-con e-child\" data-id=\"72eac50\" data-element_type=\"container\">\n\t\t\t\t<div class=\"elementor-element elementor-element-3609ff0 elementor-widget elementor-widget-text-editor\" data-id=\"3609ff0\" data-element_type=\"widget\" data-settings=\"{&quot;ekit_we_effect_on&quot;:&quot;none&quot;}\" data-widget_type=\"text-editor.default\">\n\t\t\t\t<div class=\"elementor-widget-container\">\n\t\t\t\t\t\t\t\t\t<h1>Sentire bene \u00e8 una sfida per molti<\/h1><div class=\"page\" title=\"Pagina 1\"><div class=\"section\"><div class=\"layoutArea\"><div class=\"column\"><div class=\"page\" title=\"Pagina 1\"><div class=\"layoutArea\"><div class=\"column\"><p>Un forte inizio per il 2025 e un focus sulla salute all&#8217;evento Health Forum al Tertianum Salmenpark<\/p><\/div><\/div><\/div><\/div><\/div><\/div><\/div><h2><span style=\"font-size: 28px;\"> <\/span><\/h2>\t\t\t\t\t\t\t\t<\/div>\n\t\t\t\t<\/div>\n\t\t\t\t<\/div>\n\t\t<div class=\"elementor-element elementor-element-4459679 e-con-full e-flex e-con e-child\" data-id=\"4459679\" data-element_type=\"container\">\n\t\t\t\t<div class=\"elementor-element elementor-element-9449121 elementor-widget elementor-widget-image\" data-id=\"9449121\" data-element_type=\"widget\" data-settings=\"{&quot;ekit_we_effect_on&quot;:&quot;none&quot;}\" data-widget_type=\"image.default\">\n\t\t\t\t<div class=\"elementor-widget-container\">\n\t\t\t\t\t\t\t\t\t\t\t\t\t\t\t<img decoding=\"async\" width=\"445\" height=\"442\" src=\"https:\/\/tinnitus-liga.ch\/wp-content\/uploads\/2025\/05\/Neue-Fricktaler-zeitung.png\" class=\"attachment-large size-large wp-image-3076\" alt=\"\" srcset=\"https:\/\/tinnitus-liga.ch\/wp-content\/uploads\/2025\/05\/Neue-Fricktaler-zeitung.png 445w, https:\/\/tinnitus-liga.ch\/wp-content\/uploads\/2025\/05\/Neue-Fricktaler-zeitung-300x298.png 300w, https:\/\/tinnitus-liga.ch\/wp-content\/uploads\/2025\/05\/Neue-Fricktaler-zeitung-150x150.png 150w\" sizes=\"(max-width: 445px) 100vw, 445px\" \/>\t\t\t\t\t\t\t\t\t\t\t\t\t\t\t<\/div>\n\t\t\t\t<\/div>\n\t\t\t\t<\/div>\n\t\t<div class=\"elementor-element elementor-element-6eb22bb e-con-full e-flex e-con e-child\" data-id=\"6eb22bb\" data-element_type=\"container\">\n\t\t\t\t<div class=\"elementor-element elementor-element-00be207 elementor-widget__width-initial elementor-widget elementor-widget-text-editor\" data-id=\"00be207\" data-element_type=\"widget\" data-settings=\"{&quot;ekit_we_effect_on&quot;:&quot;none&quot;}\" data-widget_type=\"text-editor.default\">\n\t\t\t\t<div class=\"elementor-widget-container\">\n\t\t\t\t\t\t\t\t\t<div class=\"page\" title=\"Pagina 1\"><div class=\"layoutArea\"><div class=\"column\"><p>Come ti senti? Con questa semplice ma centrale domanda, la scorsa settimana il Forum della Salute di Rheinfelden ha aperto la sua prima serata di conferenze 2025 a Salmenpark sul tema &#8220;sentire bene&#8221;. Il pubblico presente nella sala gremita ha aderito con entusiasmo. Non costa nulla chiedere seriamente all&#8217;altra persona come si sente e darle la possibilit\u00e0 di parlarne. I partecipanti hanno approfittato volentieri di questa opportunit\u00e0 e hanno raccontato la loro giornata alla persona seduta accanto a loro.    <\/p><\/div><\/div><\/div><div class=\"page\" title=\"Pagina 1\"><div class=\"section\"><div class=\"layoutArea\"><div class=\"column\"><div class=\"page\" title=\"Pagina 1\"><div class=\"layoutArea\"><div class=\"column\"><p>&#8220;Sentire bene &#8211; una sfida per molti&#8221;: Un argomento delicato e di grande importanza. Sentire bene: sembra ovvio, ma&#8230; <\/p><\/div><\/div><\/div><\/div><\/div><\/div><\/div><p><a href=\"https:\/\/tinnitus-liga.ch\/wp-content\/uploads\/2025\/05\/20250128-NFZ-Pressebericht-Gut-Hoeren-ist-eine-Herausforderung-fuer-viele.pdf\">Per saperne di pi\u00f9 sull&#8217;articolo clicca qui<\/a><\/p><p><a href=\"https:\/\/tinnitus-liga.ch\/wp-content\/uploads\/2025\/05\/20250129-fricktal.info-Bericht-Dem-Hoeren-Gehoer-schenken.pdf\">E qui l&#8217;articolo del giornale Fricktal.info: Ascoltare ci\u00f2 che si sente<\/a><\/p>\t\t\t\t\t\t\t\t<\/div>\n\t\t\t\t<\/div>\n\t\t\t\t<\/div>\n\t\t\t\t\t<\/div>\n\t\t\t\t<\/div>\n\t\t<div class=\"elementor-element elementor-element-a89f1f1 e-flex e-con-boxed e-con e-parent\" data-id=\"a89f1f1\" data-element_type=\"container\">\n\t\t\t\t\t<div class=\"e-con-inner\">\n\t\t<div class=\"elementor-element elementor-element-a41919b e-con-full e-flex e-con e-child\" data-id=\"a41919b\" data-element_type=\"container\">\n\t\t\t\t<div class=\"elementor-element elementor-element-88b9133 elementor-widget elementor-widget-text-editor\" data-id=\"88b9133\" data-element_type=\"widget\" data-settings=\"{&quot;ekit_we_effect_on&quot;:&quot;none&quot;}\" data-widget_type=\"text-editor.default\">\n\t\t\t\t<div class=\"elementor-widget-container\">\n\t\t\t\t\t\t\t\t\t<h1>&#8220;Per me l&#8217;acufene \u00e8 un segnale di allarme per il troppo stress&#8221;.<\/h1><div class=\"page\" title=\"Pagina 1\"><div class=\"section\"><div class=\"layoutArea\"><div class=\"column\"><p>Fricktaler presiede la Lega svizzera degli acufeni<\/p><\/div><\/div><\/div><\/div><h2><span style=\"font-size: 28px;\"> <\/span><\/h2>\t\t\t\t\t\t\t\t<\/div>\n\t\t\t\t<\/div>\n\t\t\t\t<\/div>\n\t\t<div class=\"elementor-element elementor-element-f56b799 e-con-full e-flex e-con e-child\" data-id=\"f56b799\" data-element_type=\"container\">\n\t\t\t\t<div class=\"elementor-element elementor-element-c116250 elementor-widget elementor-widget-image\" data-id=\"c116250\" data-element_type=\"widget\" data-settings=\"{&quot;ekit_we_effect_on&quot;:&quot;none&quot;}\" data-widget_type=\"image.default\">\n\t\t\t\t<div class=\"elementor-widget-container\">\n\t\t\t\t\t\t\t\t\t\t\t\t\t\t\t<img decoding=\"async\" width=\"578\" height=\"476\" src=\"https:\/\/tinnitus-liga.ch\/wp-content\/uploads\/2025\/05\/Bildschirmfoto-2025-05-14-um-15.55.02.png\" class=\"attachment-large size-large wp-image-3062\" alt=\"\" srcset=\"https:\/\/tinnitus-liga.ch\/wp-content\/uploads\/2025\/05\/Bildschirmfoto-2025-05-14-um-15.55.02.png 578w, https:\/\/tinnitus-liga.ch\/wp-content\/uploads\/2025\/05\/Bildschirmfoto-2025-05-14-um-15.55.02-300x247.png 300w\" sizes=\"(max-width: 578px) 100vw, 578px\" \/>\t\t\t\t\t\t\t\t\t\t\t\t\t\t\t<\/div>\n\t\t\t\t<\/div>\n\t\t\t\t<\/div>\n\t\t<div class=\"elementor-element elementor-element-92ffe11 e-con-full e-flex e-con e-child\" data-id=\"92ffe11\" data-element_type=\"container\">\n\t\t\t\t<div class=\"elementor-element elementor-element-39b5e52 elementor-widget__width-initial elementor-widget elementor-widget-text-editor\" data-id=\"39b5e52\" data-element_type=\"widget\" data-settings=\"{&quot;ekit_we_effect_on&quot;:&quot;none&quot;}\" data-widget_type=\"text-editor.default\">\n\t\t\t\t<div class=\"elementor-widget-container\">\n\t\t\t\t\t\t\t\t\t<p>All&#8217;improvviso un fischio all&#8217;orecchio: Rainer H. Porschien convive con l&#8217;acufene da oltre quarant&#8217;anni. In qualit\u00e0 di presidente della Lega svizzera degli acufeni, il 67enne di Rheinfelden vuole eliminare la paura di parlare di questo sintomo. <\/p><p>Contributo di Valentin Zumsteg<\/p><div class=\"page\" title=\"Pagina 1\"><div class=\"section\"><div class=\"layoutArea\"><div class=\"column\"><p>RHEINFELDEN. &#8220;L&#8217;acufene \u00e8 arrivato all&#8217;improvviso; da un momento all&#8217;altro sentivo un fastidioso fischio nell&#8217;orecchio&#8221;, ricorda Rainer H. Porschien. All&#8217;epoca aveva 25 anni, svolgeva una faticosa attivit\u00e0 di infermiere e studiava allo stesso tempo. &#8220;La tensione psicologica era sicuramente grande&#8221;, dice il nativo di Lubecca. Il giovane padre ha subito due volte un&#8217;improvvisa perdita dell&#8217;udito. Oggi non pu\u00f2 escludere che ci sia un collegamento con un incidente avvenuto nell&#8217;esercito qualche tempo fa: &#8220;Quando da soldato semplice mi trovavo in un hangar di un grande veicolo, un carro armato fece cilecca all&#8217;avvio. Ci fu un forte botto. Il giorno dopo non riuscivo a sentire bene, ma poi \u00e8 passato di nuovo&#8221;&#8230;     <\/p><\/div><\/div><\/div><\/div><p><a href=\"https:\/\/tinnitus-liga.ch\/wp-content\/uploads\/2025\/05\/20250227-NFZ-Artikel-Tinnitus-RHPorschien.pdf\">Per saperne di pi\u00f9 sull&#8217;articolo clicca qui<\/a><\/p>\t\t\t\t\t\t\t\t<\/div>\n\t\t\t\t<\/div>\n\t\t\t\t<\/div>\n\t\t\t\t\t<\/div>\n\t\t\t\t<\/div>\n\t\t<div class=\"elementor-element elementor-element-887fc4c e-flex e-con-boxed e-con e-parent\" data-id=\"887fc4c\" data-element_type=\"container\">\n\t\t\t\t\t<div class=\"e-con-inner\">\n\t\t<div class=\"elementor-element elementor-element-d019e47 e-con-full e-flex e-con e-child\" data-id=\"d019e47\" data-element_type=\"container\">\n\t\t\t\t<div class=\"elementor-element elementor-element-a68fa83 elementor-widget elementor-widget-text-editor\" data-id=\"a68fa83\" data-element_type=\"widget\" data-settings=\"{&quot;ekit_we_effect_on&quot;:&quot;none&quot;}\" data-widget_type=\"text-editor.default\">\n\t\t\t\t<div class=\"elementor-widget-container\">\n\t\t\t\t\t\t\t\t\t<h1>Assemblea generale della Lega Acufeni Svizzera STL<\/h1><div class=\"page\" title=\"Pagina 1\"><div class=\"section\"><div class=\"layoutArea\"><div class=\"column\"><p>Le notizie seguiranno a breve<\/p><\/div><\/div><\/div><\/div><h2><span style=\"font-size: 28px;\"> <\/span><\/h2>\t\t\t\t\t\t\t\t<\/div>\n\t\t\t\t<\/div>\n\t\t\t\t<\/div>\n\t\t<div class=\"elementor-element elementor-element-1c96c9b e-con-full e-flex e-con e-child\" data-id=\"1c96c9b\" data-element_type=\"container\">\n\t\t\t\t<div class=\"elementor-element elementor-element-51bec64 elementor-widget elementor-widget-image\" data-id=\"51bec64\" data-element_type=\"widget\" data-settings=\"{&quot;ekit_we_effect_on&quot;:&quot;none&quot;}\" data-widget_type=\"image.default\">\n\t\t\t\t<div class=\"elementor-widget-container\">\n\t\t\t\t\t\t\t\t\t\t\t\t\t\t\t<img loading=\"lazy\" decoding=\"async\" width=\"800\" height=\"450\" src=\"https:\/\/tinnitus-liga.ch\/wp-content\/uploads\/2025\/05\/GV2025-1024x576.jpeg\" class=\"attachment-large size-large wp-image-3233\" alt=\"\" srcset=\"https:\/\/tinnitus-liga.ch\/wp-content\/uploads\/2025\/05\/GV2025-1024x576.jpeg 1024w, https:\/\/tinnitus-liga.ch\/wp-content\/uploads\/2025\/05\/GV2025-300x169.jpeg 300w, https:\/\/tinnitus-liga.ch\/wp-content\/uploads\/2025\/05\/GV2025-768x432.jpeg 768w, https:\/\/tinnitus-liga.ch\/wp-content\/uploads\/2025\/05\/GV2025-1536x864.jpeg 1536w, https:\/\/tinnitus-liga.ch\/wp-content\/uploads\/2025\/05\/GV2025-2048x1152.jpeg 2048w\" sizes=\"(max-width: 800px) 100vw, 800px\" \/>\t\t\t\t\t\t\t\t\t\t\t\t\t\t\t<\/div>\n\t\t\t\t<\/div>\n\t\t\t\t<\/div>\n\t\t<div class=\"elementor-element elementor-element-d822f97 e-con-full e-flex e-con e-child\" data-id=\"d822f97\" data-element_type=\"container\">\n\t\t\t\t<div class=\"elementor-element elementor-element-a6d1964 elementor-widget__width-initial elementor-widget elementor-widget-text-editor\" data-id=\"a6d1964\" data-element_type=\"widget\" data-settings=\"{&quot;ekit_we_effect_on&quot;:&quot;none&quot;}\" data-widget_type=\"text-editor.default\">\n\t\t\t\t<div class=\"elementor-widget-container\">\n\t\t\t\t\t\t\t\t\t<p>Come ogni anno&#8230;.<\/p><p> <\/p>\t\t\t\t\t\t\t\t<\/div>\n\t\t\t\t<\/div>\n\t\t\t\t<\/div>\n\t\t\t\t\t<\/div>\n\t\t\t\t<\/div>\n\t\t<div class=\"elementor-element elementor-element-bbe2968 e-flex e-con-boxed e-con e-parent\" data-id=\"bbe2968\" data-element_type=\"container\">\n\t\t\t\t\t<div class=\"e-con-inner\">\n\t\t\t\t<div class=\"elementor-element elementor-element-75afcb4 elementor-widget elementor-widget-spacer\" data-id=\"75afcb4\" data-element_type=\"widget\" data-settings=\"{&quot;ekit_we_effect_on&quot;:&quot;none&quot;}\" data-widget_type=\"spacer.default\">\n\t\t\t\t<div class=\"elementor-widget-container\">\n\t\t\t\t\t\t\t<div class=\"elementor-spacer\">\n\t\t\t<div class=\"elementor-spacer-inner\"><\/div>\n\t\t<\/div>\n\t\t\t\t\t\t<\/div>\n\t\t\t\t<\/div>\n\t\t\t\t\t<\/div>\n\t\t\t\t<\/div>\n\t\t\t\t<\/div>\n\t\t","protected":false},"excerpt":{"rendered":"<p>Benvenuti alla Lega svizzera degli acufeni (STL) Siamo un&#8217;organizzazione no-profit di persone che vogliono aiutare chi \u00e8 affetto da acufene, sordit\u00e0 improvvisa, ipersensibilit\u00e0 al rumore e malattia di Meni\u00e8re. Benvenuti alla Lega svizzera degli acufeni (STL) Siamo sotto il patrocinio di &#8220;Pro Audito Svizzera&#8221;, l&#8217;organizzazione per le persone con problemi di udito in Svizzera. NOTIZIE [&hellip;]<\/p>\n","protected":false},"author":1,"featured_media":0,"parent":0,"menu_order":0,"comment_status":"closed","ping_status":"closed","template":"","meta":{"footnotes":""},"class_list":["post-1847","page","type-page","status-publish","hentry"],"_links":{"self":[{"href":"https:\/\/tinnitus-liga.ch\/it\/wp-json\/wp\/v2\/pages\/1847","targetHints":{"allow":["GET"]}}],"collection":[{"href":"https:\/\/tinnitus-liga.ch\/it\/wp-json\/wp\/v2\/pages"}],"about":[{"href":"https:\/\/tinnitus-liga.ch\/it\/wp-json\/wp\/v2\/types\/page"}],"author":[{"embeddable":true,"href":"https:\/\/tinnitus-liga.ch\/it\/wp-json\/wp\/v2\/users\/1"}],"replies":[{"embeddable":true,"href":"https:\/\/tinnitus-liga.ch\/it\/wp-json\/wp\/v2\/comments?post=1847"}],"version-history":[{"count":36,"href":"https:\/\/tinnitus-liga.ch\/it\/wp-json\/wp\/v2\/pages\/1847\/revisions"}],"predecessor-version":[{"id":3392,"href":"https:\/\/tinnitus-liga.ch\/it\/wp-json\/wp\/v2\/pages\/1847\/revisions\/3392"}],"wp:attachment":[{"href":"https:\/\/tinnitus-liga.ch\/it\/wp-json\/wp\/v2\/media?parent=1847"}],"curies":[{"name":"wp","href":"https:\/\/api.w.org\/{rel}","templated":true}]}}